{"id":8103,"date":"2023-03-20T16:20:30","date_gmt":"2023-03-20T15:20:30","guid":{"rendered":"https:\/\/www.driveblue.be\/actualite\/"},"modified":"2025-02-20T12:20:54","modified_gmt":"2025-02-20T11:20:54","slug":"actualite","status":"publish","type":"page","link":"https:\/\/www.driveblue.be\/fr\/actualite\/","title":{"rendered":"Actualit\u00e9 Ford"},"content":{"rendered":"\n\t<section class=\"section\" id=\"section_455652746\">\n\t\t<div class=\"bg section-bg fill bg-fill  bg-loaded\" >\n\n\t\t\t\n\t\t\t\n\t\t\t\n\n\t\t<\/div>\n\n\t\t\n\n\t\t<div class=\"section-content relative\">\n\t\t\t\n\n\n  <div class=\"banner has-hover\" id=\"banner-455165199\">\n          <div class=\"banner-inner fill\">\n        <div class=\"banner-bg fill\" >\n            <div class=\"bg fill bg-fill \"><\/div>\n                                    \n                    <\/div>\n\t\t\n        <div class=\"banner-layers container\">\n            <div class=\"fill banner-link\"><\/div>            \n\n   <div id=\"text-box-1638904797\" class=\"text-box banner-layer x5 md-x5 lg-x5 y50 md-y50 lg-y50 res-text\">\n                                <div class=\"text-box-content text dark\">\n              \n              <div class=\"text-inner text-center\">\n                  \n\n\n              <\/div>\n           <\/div>\n                            \n<style>\n#text-box-1638904797 {\n  width: 79%;\n}\n#text-box-1638904797 .text-box-content {\n  font-size: 100%;\n}\n<\/style>\n    <\/div>\n \n\n        <\/div>\n      <\/div>\n\n            \n<style>\n#banner-455165199 {\n  padding-top: 294px;\n}\n#banner-455165199 .bg.bg-loaded {\n  background-image: url(https:\/\/www.driveblue.be\/wp-content\/uploads\/2025\/02\/FORD_2024_PUMA_GEN-E_22-1-scaled.jpg);\n}\n#banner-455165199 .bg {\n  background-position: 0%55%;\n}\n#banner-455165199 .ux-shape-divider--top svg {\n  height: 150px;\n  --divider-top-width: 100%;\n}\n#banner-455165199 .ux-shape-divider--bottom svg {\n  height: 150px;\n  --divider-width: 100%;\n}\n<\/style>\n  <\/div>\n\n\n\n\t\t<\/div>\n\n\t\t\n<style>\n#section_455652746 {\n  padding-top: 0px;\n  padding-bottom: 0px;\n}\n#section_455652746 .ux-shape-divider--top svg {\n  height: 150px;\n  --divider-top-width: 100%;\n}\n#section_455652746 .ux-shape-divider--bottom svg {\n  height: 150px;\n  --divider-width: 100%;\n}\n<\/style>\n\t<\/section>\n\t\n\t<section class=\"section\" id=\"section_114014801\">\n\t\t<div class=\"bg section-bg fill bg-fill  bg-loaded\" >\n\n\t\t\t\n\t\t\t\n\t\t\t\n\n\t\t<\/div>\n\n\t\t\n\n\t\t<div class=\"section-content relative\">\n\t\t\t\n\n\t<div id=\"text-995716241\" class=\"text\">\n\t\t\n\n<h1 style=\"text-align: center\">Actualit\u00e9<\/h1>\n\t\t\n<style>\n#text-995716241 {\n  font-size: 1.3rem;\n}\n<\/style>\n\t<\/div>\n\t\n<div class=\"row\"  id=\"row-1010800577\">\n\n\n\t<div id=\"col-702280379\" class=\"col small-12 large-12\"  >\n\t\t\t\t<div class=\"col-inner\"  >\n\t\t\t\n\t\t\t\n\n<p>Ici, vous serez tenu au courant des derni\u00e8res nouvelles, des conseils et des mises \u00e0 jour concernant <a href=\"http:\/\/ford.be\">Ford<\/a>. Notre objectif est de vous fournir les informations les plus pertinentes et les plus r\u00e9centes sur Ford afin que vous soyez toujours au courant des derniers d\u00e9veloppements.<\/p>\n\n\t\t<\/div>\n\t\t\t\t\t<\/div>\n\n\t\n\n<\/div>\n<div class=\"row row-full-width align-center\"  id=\"row-429763438\">\n\n\n\t<div id=\"col-1851442582\" class=\"col medium-9 small-12 large-9\"  >\n\t\t\t\t<div class=\"col-inner text-center\"  >\n\t\t\t\n\t\t\t\n\n\n  \n    <div class=\"row large-columns-4 medium-columns-3 small-columns-1 row-full-width has-shadow row-box-shadow-2\">\n  <div class=\"col post-item\" >\n\t\t\t<div class=\"col-inner\">\n\t\t\t<a href=\"https:\/\/www.driveblue.be\/fr\/le-guide-ultime-de-la-ford-nugget-de-la-cote-aux-ardennes-en-toute-liberte\/\" class=\"plain\">\n\t\t\t\t<div class=\"box box-bounce box-text-bottom box-blog-post has-hover\">\n            \t\t\t\t\t<div class=\"box-image\" >\n  \t\t\t\t\t\t<div class=\"image-cover\" style=\"padding-top:180px;\">\n  \t\t\t\t\t\t\t<img loading=\"lazy\" decoding=\"async\" width=\"2048\" height=\"1367\" src=\"https:\/\/www.driveblue.be\/wp-content\/uploads\/2025\/03\/2024FordTransitNuggetActivePHEV_2_3-4_front_awning-LOW.jpg\" class=\"attachment-original size-original wp-post-image\" alt=\"Ford Nugget\" srcset=\"https:\/\/www.driveblue.be\/wp-content\/uploads\/2025\/03\/2024FordTransitNuggetActivePHEV_2_3-4_front_awning-LOW.jpg 2048w, https:\/\/www.driveblue.be\/wp-content\/uploads\/2025\/03\/2024FordTransitNuggetActivePHEV_2_3-4_front_awning-LOW-300x200.jpg 300w, https:\/\/www.driveblue.be\/wp-content\/uploads\/2025\/03\/2024FordTransitNuggetActivePHEV_2_3-4_front_awning-LOW-1024x684.jpg 1024w, https:\/\/www.driveblue.be\/wp-content\/uploads\/2025\/03\/2024FordTransitNuggetActivePHEV_2_3-4_front_awning-LOW-768x513.jpg 768w, https:\/\/www.driveblue.be\/wp-content\/uploads\/2025\/03\/2024FordTransitNuggetActivePHEV_2_3-4_front_awning-LOW-1536x1025.jpg 1536w\" sizes=\"auto, (max-width: 2048px) 100vw, 2048px\" \/>  \t\t\t\t\t\t\t  \t\t\t\t\t\t\t  \t\t\t\t\t\t<\/div>\n  \t\t\t\t\t\t  \t\t\t\t\t<\/div>\n          \t\t\t\t\t<div class=\"box-text text-center\" >\n\t\t\t\t\t<div class=\"box-text-inner blog-post-inner\">\n\n\t\t\t\t\t\n\t\t\t\t\t\t\t\t\t\t<h5 class=\"post-title is-large \">Le guide ultime de la Ford Nugget : de la c\u00f4te aux Ardennes en toute libert\u00e9<\/h5>\n\t\t\t\t\t\t\t\t\t\t<div class=\"is-divider\"><\/div>\n\t\t\t\t\t\t\t\t\t\t<p class=\"from_the_blog_excerpt show-on-hover hover-reveal\"> [...]\t\t\t\t\t<\/p>\n\t\t\t\t\t                    \n\t\t\t\t\t\t\t\t\t\t\t<button href=\"https:\/\/www.driveblue.be\/fr\/le-guide-ultime-de-la-ford-nugget-de-la-cote-aux-ardennes-en-toute-liberte\/\" class=\"button primary is-outline is-small mb-0\">\n\t\t\t\t\t\t\tEn savoir plus\t\t\t\t\t\t<\/button>\n\t\t\t\t\t\n\t\t\t\t\t\n\t\t\t\t\t<\/div>\n\t\t\t\t\t<\/div>\n\t\t\t\t\t\t\t\t\t<\/div>\n\t\t\t\t<\/a>\n\t\t\t<\/div>\n\t\t<\/div><div class=\"col post-item\" >\n\t\t\t<div class=\"col-inner\">\n\t\t\t<a href=\"https:\/\/www.driveblue.be\/fr\/ford-puma-gen-e-le-suv-urbain-ideal\/\" class=\"plain\">\n\t\t\t\t<div class=\"box box-bounce box-text-bottom box-blog-post has-hover\">\n            \t\t\t\t\t<div class=\"box-image\" >\n  \t\t\t\t\t\t<div class=\"image-cover\" style=\"padding-top:180px;\">\n  \t\t\t\t\t\t\t<img loading=\"lazy\" decoding=\"async\" width=\"2048\" height=\"1536\" src=\"https:\/\/www.driveblue.be\/wp-content\/uploads\/2025\/02\/FORD_2024_PUMA_GEN-E_10-LOW-e1739204470505.jpg\" class=\"attachment-original size-original wp-post-image\" alt=\"Ford Puma Gen-E Elektrisch en klaar voor de stad\" \/>  \t\t\t\t\t\t\t  \t\t\t\t\t\t\t  \t\t\t\t\t\t<\/div>\n  \t\t\t\t\t\t  \t\t\t\t\t<\/div>\n          \t\t\t\t\t<div class=\"box-text text-center\" >\n\t\t\t\t\t<div class=\"box-text-inner blog-post-inner\">\n\n\t\t\t\t\t\n\t\t\t\t\t\t\t\t\t\t<h5 class=\"post-title is-large \">Ford Puma Gen-E : le SUV urbain id\u00e9al<\/h5>\n\t\t\t\t\t\t\t\t\t\t<div class=\"is-divider\"><\/div>\n\t\t\t\t\t\t\t\t\t\t<p class=\"from_the_blog_excerpt show-on-hover hover-reveal\"> [...]\t\t\t\t\t<\/p>\n\t\t\t\t\t                    \n\t\t\t\t\t\t\t\t\t\t\t<button href=\"https:\/\/www.driveblue.be\/fr\/ford-puma-gen-e-le-suv-urbain-ideal\/\" class=\"button primary is-outline is-small mb-0\">\n\t\t\t\t\t\t\tEn savoir plus\t\t\t\t\t\t<\/button>\n\t\t\t\t\t\n\t\t\t\t\t\n\t\t\t\t\t<\/div>\n\t\t\t\t\t<\/div>\n\t\t\t\t\t\t\t\t\t<\/div>\n\t\t\t\t<\/a>\n\t\t\t<\/div>\n\t\t<\/div><div class=\"col post-item\" >\n\t\t\t<div class=\"col-inner\">\n\t\t\t<a href=\"https:\/\/www.driveblue.be\/fr\/le-ford-f-150-desormais-officiellement-disponible-en-belgique\/\" class=\"plain\">\n\t\t\t\t<div class=\"box box-bounce box-text-bottom box-blog-post has-hover\">\n            \t\t\t\t\t<div class=\"box-image\" >\n  \t\t\t\t\t\t<div class=\"image-cover\" style=\"padding-top:180px;\">\n  \t\t\t\t\t\t\t<img loading=\"lazy\" decoding=\"async\" width=\"2048\" height=\"1536\" src=\"https:\/\/www.driveblue.be\/wp-content\/uploads\/2025\/01\/F150_MY23_Lariat_DSF3965-web.jpg\" class=\"attachment-original size-original wp-post-image\" alt=\"Ford F-150 Lariat\" srcset=\"https:\/\/www.driveblue.be\/wp-content\/uploads\/2025\/01\/F150_MY23_Lariat_DSF3965-web.jpg 2048w, https:\/\/www.driveblue.be\/wp-content\/uploads\/2025\/01\/F150_MY23_Lariat_DSF3965-web-300x225.jpg 300w, https:\/\/www.driveblue.be\/wp-content\/uploads\/2025\/01\/F150_MY23_Lariat_DSF3965-web-1024x768.jpg 1024w, https:\/\/www.driveblue.be\/wp-content\/uploads\/2025\/01\/F150_MY23_Lariat_DSF3965-web-768x576.jpg 768w, https:\/\/www.driveblue.be\/wp-content\/uploads\/2025\/01\/F150_MY23_Lariat_DSF3965-web-1536x1152.jpg 1536w\" sizes=\"auto, (max-width: 2048px) 100vw, 2048px\" \/>  \t\t\t\t\t\t\t  \t\t\t\t\t\t\t  \t\t\t\t\t\t<\/div>\n  \t\t\t\t\t\t  \t\t\t\t\t<\/div>\n          \t\t\t\t\t<div class=\"box-text text-center\" >\n\t\t\t\t\t<div class=\"box-text-inner blog-post-inner\">\n\n\t\t\t\t\t\n\t\t\t\t\t\t\t\t\t\t<h5 class=\"post-title is-large \">Le Ford F-150 d\u00e9sormais officiellement disponible en Belgique<\/h5>\n\t\t\t\t\t\t\t\t\t\t<div class=\"is-divider\"><\/div>\n\t\t\t\t\t\t\t\t\t\t<p class=\"from_the_blog_excerpt show-on-hover hover-reveal\">Ford annonce une grande nouvelle au Salon de l'Automobile de Bruxelles 2025 : l'embl\u00e9matique Ford [...]\t\t\t\t\t<\/p>\n\t\t\t\t\t                    \n\t\t\t\t\t\t\t\t\t\t\t<button href=\"https:\/\/www.driveblue.be\/fr\/le-ford-f-150-desormais-officiellement-disponible-en-belgique\/\" class=\"button primary is-outline is-small mb-0\">\n\t\t\t\t\t\t\tEn savoir plus\t\t\t\t\t\t<\/button>\n\t\t\t\t\t\n\t\t\t\t\t\n\t\t\t\t\t<\/div>\n\t\t\t\t\t<\/div>\n\t\t\t\t\t\t\t\t\t<\/div>\n\t\t\t\t<\/a>\n\t\t\t<\/div>\n\t\t<\/div><div class=\"col post-item\" >\n\t\t\t<div class=\"col-inner\">\n\t\t\t<a href=\"https:\/\/www.driveblue.be\/fr\/quelle-ford-electrique-vous-convient-mustang-mach-e-explorer-ev-ou-capri-ev\/\" class=\"plain\">\n\t\t\t\t<div class=\"box box-bounce box-text-bottom box-blog-post has-hover\">\n            \t\t\t\t\t<div class=\"box-image\" >\n  \t\t\t\t\t\t<div class=\"image-cover\" style=\"padding-top:180px;\">\n  \t\t\t\t\t\t\t<img loading=\"lazy\" decoding=\"async\" width=\"2560\" height=\"1708\" src=\"https:\/\/www.driveblue.be\/wp-content\/uploads\/2024\/07\/2024Ford_ElectricCapri_Cantona_03-scaled.jpg\" class=\"attachment-original size-original wp-post-image\" alt=\"Ford Capri back\" srcset=\"https:\/\/www.driveblue.be\/wp-content\/uploads\/2024\/07\/2024Ford_ElectricCapri_Cantona_03-scaled.jpg 2560w, https:\/\/www.driveblue.be\/wp-content\/uploads\/2024\/07\/2024Ford_ElectricCapri_Cantona_03-300x200.jpg 300w, https:\/\/www.driveblue.be\/wp-content\/uploads\/2024\/07\/2024Ford_ElectricCapri_Cantona_03-1024x683.jpg 1024w, https:\/\/www.driveblue.be\/wp-content\/uploads\/2024\/07\/2024Ford_ElectricCapri_Cantona_03-768x512.jpg 768w, https:\/\/www.driveblue.be\/wp-content\/uploads\/2024\/07\/2024Ford_ElectricCapri_Cantona_03-1536x1025.jpg 1536w, https:\/\/www.driveblue.be\/wp-content\/uploads\/2024\/07\/2024Ford_ElectricCapri_Cantona_03-2048x1366.jpg 2048w\" sizes=\"auto, (max-width: 2560px) 100vw, 2560px\" \/>  \t\t\t\t\t\t\t  \t\t\t\t\t\t\t  \t\t\t\t\t\t<\/div>\n  \t\t\t\t\t\t  \t\t\t\t\t<\/div>\n          \t\t\t\t\t<div class=\"box-text text-center\" >\n\t\t\t\t\t<div class=\"box-text-inner blog-post-inner\">\n\n\t\t\t\t\t\n\t\t\t\t\t\t\t\t\t\t<h5 class=\"post-title is-large \">Quelle Ford \u00e9lectrique vous convient ? Mustang Mach-E, Explorer EV ou Capri EV ?<\/h5>\n\t\t\t\t\t\t\t\t\t\t<div class=\"is-divider\"><\/div>\n\t\t\t\t\t\t\t\t\t\t<p class=\"from_the_blog_excerpt show-on-hover hover-reveal\">D\u00e9couvrez quel mod\u00e8le \u00e9lectrique Ford vous convient le mieux : la sportive Mustang Mach-E, le [...]\t\t\t\t\t<\/p>\n\t\t\t\t\t                    \n\t\t\t\t\t\t\t\t\t\t\t<button href=\"https:\/\/www.driveblue.be\/fr\/quelle-ford-electrique-vous-convient-mustang-mach-e-explorer-ev-ou-capri-ev\/\" class=\"button primary is-outline is-small mb-0\">\n\t\t\t\t\t\t\tEn savoir plus\t\t\t\t\t\t<\/button>\n\t\t\t\t\t\n\t\t\t\t\t\n\t\t\t\t\t<\/div>\n\t\t\t\t\t<\/div>\n\t\t\t\t\t\t\t\t\t<\/div>\n\t\t\t\t<\/a>\n\t\t\t<\/div>\n\t\t<\/div><div class=\"col post-item\" >\n\t\t\t<div class=\"col-inner\">\n\t\t\t<a href=\"https:\/\/www.driveblue.be\/fr\/la-nouvelle-ford-capri-electrique-10-raisons-den-tomber-amoureux\/\" class=\"plain\">\n\t\t\t\t<div class=\"box box-bounce box-text-bottom box-blog-post has-hover\">\n            \t\t\t\t\t<div class=\"box-image\" >\n  \t\t\t\t\t\t<div class=\"image-cover\" style=\"padding-top:180px;\">\n  \t\t\t\t\t\t\t<img loading=\"lazy\" decoding=\"async\" width=\"2560\" height=\"1920\" src=\"https:\/\/www.driveblue.be\/wp-content\/uploads\/2024\/07\/2024Ford_ElectricCapri_15-scaled-e1721218653569.jpg\" class=\"attachment-original size-original wp-post-image\" alt=\"2024 Ford Electric Capri\" \/>  \t\t\t\t\t\t\t  \t\t\t\t\t\t\t  \t\t\t\t\t\t<\/div>\n  \t\t\t\t\t\t  \t\t\t\t\t<\/div>\n          \t\t\t\t\t<div class=\"box-text text-center\" >\n\t\t\t\t\t<div class=\"box-text-inner blog-post-inner\">\n\n\t\t\t\t\t\n\t\t\t\t\t\t\t\t\t\t<h5 class=\"post-title is-large \">La nouvelle Ford Capri \u00e9lectrique : 10 raisons d&#8217;en tomber amoureux !<\/h5>\n\t\t\t\t\t\t\t\t\t\t<div class=\"is-divider\"><\/div>\n\t\t\t\t\t\t\t\t\t\t<p class=\"from_the_blog_excerpt show-on-hover hover-reveal\"> [...]\t\t\t\t\t<\/p>\n\t\t\t\t\t                    \n\t\t\t\t\t\t\t\t\t\t\t<button href=\"https:\/\/www.driveblue.be\/fr\/la-nouvelle-ford-capri-electrique-10-raisons-den-tomber-amoureux\/\" class=\"button primary is-outline is-small mb-0\">\n\t\t\t\t\t\t\tEn savoir plus\t\t\t\t\t\t<\/button>\n\t\t\t\t\t\n\t\t\t\t\t\n\t\t\t\t\t<\/div>\n\t\t\t\t\t<\/div>\n\t\t\t\t\t\t\t\t\t<\/div>\n\t\t\t\t<\/a>\n\t\t\t<\/div>\n\t\t<\/div><div class=\"col post-item\" >\n\t\t\t<div class=\"col-inner\">\n\t\t\t<a href=\"https:\/\/www.driveblue.be\/fr\/tout-ce-quil-faut-savoir-sur-le-ford-explorer-electrique\/\" class=\"plain\">\n\t\t\t\t<div class=\"box box-bounce box-text-bottom box-blog-post has-hover\">\n            \t\t\t\t\t<div class=\"box-image\" >\n  \t\t\t\t\t\t<div class=\"image-cover\" style=\"padding-top:180px;\">\n  \t\t\t\t\t\t\t<img loading=\"lazy\" decoding=\"async\" width=\"2560\" height=\"1706\" src=\"https:\/\/www.driveblue.be\/wp-content\/uploads\/2024\/04\/2024Ford_CATG_Event_10-scaled.jpg\" class=\"attachment-original size-original wp-post-image\" alt=\"new electric Ford Explorer\" srcset=\"https:\/\/www.driveblue.be\/wp-content\/uploads\/2024\/04\/2024Ford_CATG_Event_10-scaled.jpg 2560w, https:\/\/www.driveblue.be\/wp-content\/uploads\/2024\/04\/2024Ford_CATG_Event_10-300x200.jpg 300w, https:\/\/www.driveblue.be\/wp-content\/uploads\/2024\/04\/2024Ford_CATG_Event_10-1024x683.jpg 1024w, https:\/\/www.driveblue.be\/wp-content\/uploads\/2024\/04\/2024Ford_CATG_Event_10-768x512.jpg 768w, https:\/\/www.driveblue.be\/wp-content\/uploads\/2024\/04\/2024Ford_CATG_Event_10-1536x1024.jpg 1536w, https:\/\/www.driveblue.be\/wp-content\/uploads\/2024\/04\/2024Ford_CATG_Event_10-2048x1365.jpg 2048w\" sizes=\"auto, (max-width: 2560px) 100vw, 2560px\" \/>  \t\t\t\t\t\t\t  \t\t\t\t\t\t\t  \t\t\t\t\t\t<\/div>\n  \t\t\t\t\t\t  \t\t\t\t\t<\/div>\n          \t\t\t\t\t<div class=\"box-text text-center\" >\n\t\t\t\t\t<div class=\"box-text-inner blog-post-inner\">\n\n\t\t\t\t\t\n\t\t\t\t\t\t\t\t\t\t<h5 class=\"post-title is-large \">Tout ce qu&#8217;il faut savoir sur le Ford Explorer \u00e9lectrique<\/h5>\n\t\t\t\t\t\t\t\t\t\t<div class=\"is-divider\"><\/div>\n\t\t\t\t\t\t\t\t\t\t<p class=\"from_the_blog_excerpt show-on-hover hover-reveal\"> [...]\t\t\t\t\t<\/p>\n\t\t\t\t\t                    \n\t\t\t\t\t\t\t\t\t\t\t<button href=\"https:\/\/www.driveblue.be\/fr\/tout-ce-quil-faut-savoir-sur-le-ford-explorer-electrique\/\" class=\"button primary is-outline is-small mb-0\">\n\t\t\t\t\t\t\tEn savoir plus\t\t\t\t\t\t<\/button>\n\t\t\t\t\t\n\t\t\t\t\t\n\t\t\t\t\t<\/div>\n\t\t\t\t\t<\/div>\n\t\t\t\t\t\t\t\t\t<\/div>\n\t\t\t\t<\/a>\n\t\t\t<\/div>\n\t\t<\/div><div class=\"col post-item\" >\n\t\t\t<div class=\"col-inner\">\n\t\t\t<a href=\"https:\/\/www.driveblue.be\/fr\/la-ford-puma-renouvelee-amelioree-et-prete-pour-la-ville\/\" class=\"plain\">\n\t\t\t\t<div class=\"box box-bounce box-text-bottom box-blog-post has-hover\">\n            \t\t\t\t\t<div class=\"box-image\" >\n  \t\t\t\t\t\t<div class=\"image-cover\" style=\"padding-top:180px;\">\n  \t\t\t\t\t\t\t<img loading=\"lazy\" decoding=\"async\" width=\"2560\" height=\"1440\" src=\"https:\/\/www.driveblue.be\/wp-content\/uploads\/2024\/02\/2024_FORD_PUMA-ST_4-scaled-e1707751303310.jpg\" class=\"attachment-original size-original wp-post-image\" alt=\"Ford Puma 2024\" \/>  \t\t\t\t\t\t\t  \t\t\t\t\t\t\t  \t\t\t\t\t\t<\/div>\n  \t\t\t\t\t\t  \t\t\t\t\t<\/div>\n          \t\t\t\t\t<div class=\"box-text text-center\" >\n\t\t\t\t\t<div class=\"box-text-inner blog-post-inner\">\n\n\t\t\t\t\t\n\t\t\t\t\t\t\t\t\t\t<h5 class=\"post-title is-large \">La Ford Puma : renouvel\u00e9e, am\u00e9lior\u00e9e et pr\u00eate pour la ville<\/h5>\n\t\t\t\t\t\t\t\t\t\t<div class=\"is-divider\"><\/div>\n\t\t\t\t\t\t\t\t\t\t<p class=\"from_the_blog_excerpt show-on-hover hover-reveal\"> [...]\t\t\t\t\t<\/p>\n\t\t\t\t\t                    \n\t\t\t\t\t\t\t\t\t\t\t<button href=\"https:\/\/www.driveblue.be\/fr\/la-ford-puma-renouvelee-amelioree-et-prete-pour-la-ville\/\" class=\"button primary is-outline is-small mb-0\">\n\t\t\t\t\t\t\tEn savoir plus\t\t\t\t\t\t<\/button>\n\t\t\t\t\t\n\t\t\t\t\t\n\t\t\t\t\t<\/div>\n\t\t\t\t\t<\/div>\n\t\t\t\t\t\t\t\t\t<\/div>\n\t\t\t\t<\/a>\n\t\t\t<\/div>\n\t\t<\/div><div class=\"col post-item\" >\n\t\t\t<div class=\"col-inner\">\n\t\t\t<a href=\"https:\/\/www.driveblue.be\/fr\/le-nouveau-ford-kuga-revolution-electrique-et-innovation-sans-precedent\/\" class=\"plain\">\n\t\t\t\t<div class=\"box box-bounce box-text-bottom box-blog-post has-hover\">\n            \t\t\t\t\t<div class=\"box-image\" >\n  \t\t\t\t\t\t<div class=\"image-cover\" style=\"padding-top:180px;\">\n  \t\t\t\t\t\t\t<img loading=\"lazy\" decoding=\"async\" width=\"2560\" height=\"1707\" src=\"https:\/\/www.driveblue.be\/wp-content\/uploads\/2024\/01\/04-scaled.jpg\" class=\"attachment-original size-original wp-post-image\" alt=\"Nieuwe Ford Kuga 2024\" srcset=\"https:\/\/www.driveblue.be\/wp-content\/uploads\/2024\/01\/04-scaled.jpg 2560w, https:\/\/www.driveblue.be\/wp-content\/uploads\/2024\/01\/04-300x200.jpg 300w, https:\/\/www.driveblue.be\/wp-content\/uploads\/2024\/01\/04-1024x683.jpg 1024w, https:\/\/www.driveblue.be\/wp-content\/uploads\/2024\/01\/04-768x512.jpg 768w, https:\/\/www.driveblue.be\/wp-content\/uploads\/2024\/01\/04-1536x1024.jpg 1536w, https:\/\/www.driveblue.be\/wp-content\/uploads\/2024\/01\/04-2048x1365.jpg 2048w\" sizes=\"auto, (max-width: 2560px) 100vw, 2560px\" \/>  \t\t\t\t\t\t\t  \t\t\t\t\t\t\t  \t\t\t\t\t\t<\/div>\n  \t\t\t\t\t\t  \t\t\t\t\t<\/div>\n          \t\t\t\t\t<div class=\"box-text text-center\" >\n\t\t\t\t\t<div class=\"box-text-inner blog-post-inner\">\n\n\t\t\t\t\t\n\t\t\t\t\t\t\t\t\t\t<h5 class=\"post-title is-large \">Le nouveau Ford Kuga : R\u00e9volution \u00e9lectrique et innovation sans pr\u00e9c\u00e9dent<\/h5>\n\t\t\t\t\t\t\t\t\t\t<div class=\"is-divider\"><\/div>\n\t\t\t\t\t\t\t\t\t\t<p class=\"from_the_blog_excerpt show-on-hover hover-reveal\"> [...]\t\t\t\t\t<\/p>\n\t\t\t\t\t                    \n\t\t\t\t\t\t\t\t\t\t\t<button href=\"https:\/\/www.driveblue.be\/fr\/le-nouveau-ford-kuga-revolution-electrique-et-innovation-sans-precedent\/\" class=\"button primary is-outline is-small mb-0\">\n\t\t\t\t\t\t\tEn savoir plus\t\t\t\t\t\t<\/button>\n\t\t\t\t\t\n\t\t\t\t\t\n\t\t\t\t\t<\/div>\n\t\t\t\t\t<\/div>\n\t\t\t\t\t\t\t\t\t<\/div>\n\t\t\t\t<\/a>\n\t\t\t<\/div>\n\t\t<\/div><div class=\"col post-item\" >\n\t\t\t<div class=\"col-inner\">\n\t\t\t<a href=\"https:\/\/www.driveblue.be\/fr\/lavenir-du-ranger-introduction-du-modele-hybride-rechargeable\/\" class=\"plain\">\n\t\t\t\t<div class=\"box box-bounce box-text-bottom box-blog-post has-hover\">\n            \t\t\t\t\t<div class=\"box-image\" >\n  \t\t\t\t\t\t<div class=\"image-cover\" style=\"padding-top:180px;\">\n  \t\t\t\t\t\t\t<img loading=\"lazy\" decoding=\"async\" width=\"2560\" height=\"1664\" src=\"https:\/\/www.driveblue.be\/wp-content\/uploads\/2023\/09\/ranger_phev_exterior_1_8374-scaled.jpg\" class=\"attachment-original size-original wp-post-image\" alt=\"Ford Ranger Plug-In Hybrid\" srcset=\"https:\/\/www.driveblue.be\/wp-content\/uploads\/2023\/09\/ranger_phev_exterior_1_8374-scaled.jpg 2560w, https:\/\/www.driveblue.be\/wp-content\/uploads\/2023\/09\/ranger_phev_exterior_1_8374-300x195.jpg 300w, https:\/\/www.driveblue.be\/wp-content\/uploads\/2023\/09\/ranger_phev_exterior_1_8374-1024x666.jpg 1024w, https:\/\/www.driveblue.be\/wp-content\/uploads\/2023\/09\/ranger_phev_exterior_1_8374-768x499.jpg 768w, https:\/\/www.driveblue.be\/wp-content\/uploads\/2023\/09\/ranger_phev_exterior_1_8374-1536x998.jpg 1536w, https:\/\/www.driveblue.be\/wp-content\/uploads\/2023\/09\/ranger_phev_exterior_1_8374-2048x1331.jpg 2048w\" sizes=\"auto, (max-width: 2560px) 100vw, 2560px\" \/>  \t\t\t\t\t\t\t  \t\t\t\t\t\t\t  \t\t\t\t\t\t<\/div>\n  \t\t\t\t\t\t  \t\t\t\t\t<\/div>\n          \t\t\t\t\t<div class=\"box-text text-center\" >\n\t\t\t\t\t<div class=\"box-text-inner blog-post-inner\">\n\n\t\t\t\t\t\n\t\t\t\t\t\t\t\t\t\t<h5 class=\"post-title is-large \">L&#8217;avenir du Ranger : introduction du mod\u00e8le hybride rechargeable<\/h5>\n\t\t\t\t\t\t\t\t\t\t<div class=\"is-divider\"><\/div>\n\t\t\t\t\t\t\t\t\t\t<p class=\"from_the_blog_excerpt show-on-hover hover-reveal\"> [...]\t\t\t\t\t<\/p>\n\t\t\t\t\t                    \n\t\t\t\t\t\t\t\t\t\t\t<button href=\"https:\/\/www.driveblue.be\/fr\/lavenir-du-ranger-introduction-du-modele-hybride-rechargeable\/\" class=\"button primary is-outline is-small mb-0\">\n\t\t\t\t\t\t\tEn savoir plus\t\t\t\t\t\t<\/button>\n\t\t\t\t\t\n\t\t\t\t\t\n\t\t\t\t\t<\/div>\n\t\t\t\t\t<\/div>\n\t\t\t\t\t\t\t\t\t<\/div>\n\t\t\t\t<\/a>\n\t\t\t<\/div>\n\t\t<\/div><div class=\"col post-item\" >\n\t\t\t<div class=\"col-inner\">\n\t\t\t<a href=\"https:\/\/www.driveblue.be\/fr\/ford-devoile-la-puissante-mustang-gt4-une-nouveaute-passionnante-dans-le-monde-de-la-course\/\" class=\"plain\">\n\t\t\t\t<div class=\"box box-bounce box-text-bottom box-blog-post has-hover\">\n            \t\t\t\t\t<div class=\"box-image\" >\n  \t\t\t\t\t\t<div class=\"image-cover\" style=\"padding-top:180px;\">\n  \t\t\t\t\t\t\t<img loading=\"lazy\" decoding=\"async\" width=\"2560\" height=\"1707\" src=\"https:\/\/www.driveblue.be\/wp-content\/uploads\/2023\/07\/2023Ford_MustangGT4_1-scaled.jpg\" class=\"attachment-original size-original wp-post-image\" alt=\"Nieuwe Ford Mustang GT4\" srcset=\"https:\/\/www.driveblue.be\/wp-content\/uploads\/2023\/07\/2023Ford_MustangGT4_1-scaled.jpg 2560w, https:\/\/www.driveblue.be\/wp-content\/uploads\/2023\/07\/2023Ford_MustangGT4_1-300x200.jpg 300w, https:\/\/www.driveblue.be\/wp-content\/uploads\/2023\/07\/2023Ford_MustangGT4_1-1024x683.jpg 1024w, https:\/\/www.driveblue.be\/wp-content\/uploads\/2023\/07\/2023Ford_MustangGT4_1-768x512.jpg 768w, https:\/\/www.driveblue.be\/wp-content\/uploads\/2023\/07\/2023Ford_MustangGT4_1-1536x1024.jpg 1536w, https:\/\/www.driveblue.be\/wp-content\/uploads\/2023\/07\/2023Ford_MustangGT4_1-2048x1365.jpg 2048w\" sizes=\"auto, (max-width: 2560px) 100vw, 2560px\" \/>  \t\t\t\t\t\t\t  \t\t\t\t\t\t\t  \t\t\t\t\t\t<\/div>\n  \t\t\t\t\t\t  \t\t\t\t\t<\/div>\n          \t\t\t\t\t<div class=\"box-text text-center\" >\n\t\t\t\t\t<div class=\"box-text-inner blog-post-inner\">\n\n\t\t\t\t\t\n\t\t\t\t\t\t\t\t\t\t<h5 class=\"post-title is-large \">Ford d\u00e9voile la puissante Mustang GT4 : une nouveaut\u00e9 passionnante dans le monde de la course.<\/h5>\n\t\t\t\t\t\t\t\t\t\t<div class=\"is-divider\"><\/div>\n\t\t\t\t\t\t\t\t\t\t<p class=\"from_the_blog_excerpt show-on-hover hover-reveal\"> [...]\t\t\t\t\t<\/p>\n\t\t\t\t\t                    \n\t\t\t\t\t\t\t\t\t\t\t<button href=\"https:\/\/www.driveblue.be\/fr\/ford-devoile-la-puissante-mustang-gt4-une-nouveaute-passionnante-dans-le-monde-de-la-course\/\" class=\"button primary is-outline is-small mb-0\">\n\t\t\t\t\t\t\tEn savoir plus\t\t\t\t\t\t<\/button>\n\t\t\t\t\t\n\t\t\t\t\t\n\t\t\t\t\t<\/div>\n\t\t\t\t\t<\/div>\n\t\t\t\t\t\t\t\t\t<\/div>\n\t\t\t\t<\/a>\n\t\t\t<\/div>\n\t\t<\/div><div class=\"col post-item\" >\n\t\t\t<div class=\"col-inner\">\n\t\t\t<a href=\"https:\/\/www.driveblue.be\/fr\/le-salon-physique-de-lautomobile-2024-annule-et-maintenant\/\" class=\"plain\">\n\t\t\t\t<div class=\"box box-bounce box-text-bottom box-blog-post has-hover\">\n            \t\t\t\t\t<div class=\"box-image\" >\n  \t\t\t\t\t\t<div class=\"image-cover\" style=\"padding-top:180px;\">\n  \t\t\t\t\t\t\t<img loading=\"lazy\" decoding=\"async\" width=\"2000\" height=\"1333\" src=\"https:\/\/www.driveblue.be\/wp-content\/uploads\/2023\/06\/DSC08392.jpg\" class=\"attachment-original size-original wp-post-image\" alt=\"Ford Bronco autosalon 2023\" srcset=\"https:\/\/www.driveblue.be\/wp-content\/uploads\/2023\/06\/DSC08392.jpg 2000w, https:\/\/www.driveblue.be\/wp-content\/uploads\/2023\/06\/DSC08392-300x200.jpg 300w, https:\/\/www.driveblue.be\/wp-content\/uploads\/2023\/06\/DSC08392-1024x682.jpg 1024w, https:\/\/www.driveblue.be\/wp-content\/uploads\/2023\/06\/DSC08392-768x512.jpg 768w, https:\/\/www.driveblue.be\/wp-content\/uploads\/2023\/06\/DSC08392-1536x1024.jpg 1536w\" sizes=\"auto, (max-width: 2000px) 100vw, 2000px\" \/>  \t\t\t\t\t\t\t  \t\t\t\t\t\t\t  \t\t\t\t\t\t<\/div>\n  \t\t\t\t\t\t  \t\t\t\t\t<\/div>\n          \t\t\t\t\t<div class=\"box-text text-center\" >\n\t\t\t\t\t<div class=\"box-text-inner blog-post-inner\">\n\n\t\t\t\t\t\n\t\t\t\t\t\t\t\t\t\t<h5 class=\"post-title is-large \">Le Salon de l&#8217;automobile 2024 annul\u00e9, et maintenant ?<\/h5>\n\t\t\t\t\t\t\t\t\t\t<div class=\"is-divider\"><\/div>\n\t\t\t\t\t\t\t\t\t\t<p class=\"from_the_blog_excerpt show-on-hover hover-reveal\"> [...]\t\t\t\t\t<\/p>\n\t\t\t\t\t                    \n\t\t\t\t\t\t\t\t\t\t\t<button href=\"https:\/\/www.driveblue.be\/fr\/le-salon-physique-de-lautomobile-2024-annule-et-maintenant\/\" class=\"button primary is-outline is-small mb-0\">\n\t\t\t\t\t\t\tEn savoir plus\t\t\t\t\t\t<\/button>\n\t\t\t\t\t\n\t\t\t\t\t\n\t\t\t\t\t<\/div>\n\t\t\t\t\t<\/div>\n\t\t\t\t\t\t\t\t\t<\/div>\n\t\t\t\t<\/a>\n\t\t\t<\/div>\n\t\t<\/div><div class=\"col post-item\" >\n\t\t\t<div class=\"col-inner\">\n\t\t\t<a href=\"https:\/\/www.driveblue.be\/fr\/quest-ce-que-ford-pro\/\" class=\"plain\">\n\t\t\t\t<div class=\"box box-bounce box-text-bottom box-blog-post has-hover\">\n            \t\t\t\t\t<div class=\"box-image\" >\n  \t\t\t\t\t\t<div class=\"image-cover\" style=\"padding-top:180px;\">\n  \t\t\t\t\t\t\t<img loading=\"lazy\" decoding=\"async\" width=\"2048\" height=\"1367\" src=\"https:\/\/www.driveblue.be\/wp-content\/uploads\/2023\/05\/Ford_Mobile_Service_01-LOW.jpg\" class=\"attachment-original size-original wp-post-image\" alt=\"Ford Pro\" srcset=\"https:\/\/www.driveblue.be\/wp-content\/uploads\/2023\/05\/Ford_Mobile_Service_01-LOW.jpg 2048w, https:\/\/www.driveblue.be\/wp-content\/uploads\/2023\/05\/Ford_Mobile_Service_01-LOW-300x200.jpg 300w, https:\/\/www.driveblue.be\/wp-content\/uploads\/2023\/05\/Ford_Mobile_Service_01-LOW-1024x684.jpg 1024w, https:\/\/www.driveblue.be\/wp-content\/uploads\/2023\/05\/Ford_Mobile_Service_01-LOW-768x513.jpg 768w, https:\/\/www.driveblue.be\/wp-content\/uploads\/2023\/05\/Ford_Mobile_Service_01-LOW-1536x1025.jpg 1536w\" sizes=\"auto, (max-width: 2048px) 100vw, 2048px\" \/>  \t\t\t\t\t\t\t  \t\t\t\t\t\t\t  \t\t\t\t\t\t<\/div>\n  \t\t\t\t\t\t  \t\t\t\t\t<\/div>\n          \t\t\t\t\t<div class=\"box-text text-center\" >\n\t\t\t\t\t<div class=\"box-text-inner blog-post-inner\">\n\n\t\t\t\t\t\n\t\t\t\t\t\t\t\t\t\t<h5 class=\"post-title is-large \">Qu&#8217;est-ce que Ford Pro ?<\/h5>\n\t\t\t\t\t\t\t\t\t\t<div class=\"is-divider\"><\/div>\n\t\t\t\t\t\t\t\t\t\t<p class=\"from_the_blog_excerpt show-on-hover hover-reveal\"> [...]\t\t\t\t\t<\/p>\n\t\t\t\t\t                    \n\t\t\t\t\t\t\t\t\t\t\t<button href=\"https:\/\/www.driveblue.be\/fr\/quest-ce-que-ford-pro\/\" class=\"button primary is-outline is-small mb-0\">\n\t\t\t\t\t\t\tEn savoir plus\t\t\t\t\t\t<\/button>\n\t\t\t\t\t\n\t\t\t\t\t\n\t\t\t\t\t<\/div>\n\t\t\t\t\t<\/div>\n\t\t\t\t\t\t\t\t\t<\/div>\n\t\t\t\t<\/a>\n\t\t\t<\/div>\n\t\t<\/div><\/div>\n\n<a href=\"https:\/\/www.driveblue.be\/fr\/category\/actualite\/\" target=\"_self\" class=\"button primary is-outline reveal-icon\"  >\n    <span>+ d&#039;actualit\u00e9<\/span>\n  <i class=\"icon-angle-right\" aria-hidden=\"true\" ><\/i><\/a>\n\n\n\t<div id=\"gap-1373553131\" class=\"gap-element clearfix\" style=\"display:block; height:auto;\">\n\t\t\n<style>\n#gap-1373553131 {\n  padding-top: 30px;\n}\n<\/style>\n\t<\/div>\n\t\n\n<p><span data-text-color=\"secondary\">Suivez-nous sur les m\u00e9dias sociaux pour ne rien manquer:<\/span><\/p>\n<div class=\"social-icons follow-icons\" style=\"font-size:120%\"><a href=\"https:\/\/www.facebook.com\/drivebluebe\" target=\"_blank\" data-label=\"Facebook\" rel=\"noopener noreferrer nofollow\" class=\"icon primary button circle facebook tooltip\" title=\"Follow on Facebook\" aria-label=\"Follow on Facebook\"><i class=\"icon-facebook\" ><\/i><\/a><a href=\"https:\/\/www.instagram.com\/driveblue.be\/\" target=\"_blank\" rel=\"noopener noreferrer nofollow\" data-label=\"Instagram\" class=\"icon primary button circle  instagram tooltip\" title=\"Follow on Instagram\" aria-label=\"Follow on Instagram\"><i class=\"icon-instagram\" ><\/i><\/a><a href=\"https:\/\/www.linkedin.com\/company\/driveblue-be\/\" target=\"_blank\" rel=\"noopener noreferrer nofollow\" data-label=\"LinkedIn\" class=\"icon primary button circle  linkedin tooltip\" title=\"Follow on LinkedIn\" aria-label=\"Follow on LinkedIn\"><i class=\"icon-linkedin\" ><\/i><\/a><\/div>\n\n\n\t\t<\/div>\n\t\t\t\t\t<\/div>\n\n\t\n\n<\/div>\n\n\t\t<\/div>\n\n\t\t\n<style>\n#section_114014801 {\n  padding-top: 30px;\n  padding-bottom: 30px;\n}\n#section_114014801 .ux-shape-divider--top svg {\n  height: 150px;\n  --divider-top-width: 100%;\n}\n#section_114014801 .ux-shape-divider--bottom svg {\n  height: 150px;\n  --divider-width: 100%;\n}\n<\/style>\n\t<\/section>\n\t\n\n","protected":false},"excerpt":{"rendered":"","protected":false},"author":18,"featured_media":8218,"parent":0,"menu_order":0,"comment_status":"closed","ping_status":"closed","template":"","meta":{"footnotes":""},"class_list":["post-8103","page","type-page","status-publish","has-post-thumbnail","hentry"],"acf":[],"yoast_head":"<!-- This site is optimized with the Yoast SEO plugin v20.12 - https:\/\/yoast.com\/wordpress\/plugins\/seo\/ -->\n<title>Actualit\u00e9 Ford - DriveBlue<\/title>\n<meta name=\"description\" content=\"La page d&#039;actualit\u00e9s de DriveBlue vous tiendra au courant des derni\u00e8res nouvelles, des conseils et des mises \u00e0 jour concernant Ford.\" \/>\n<meta name=\"robots\" content=\"index, follow, max-snippet:-1, max-image-preview:large, max-video-preview:-1\" \/>\n<link rel=\"canonical\" href=\"https:\/\/www.driveblue.be\/fr\/actualite\/\" \/>\n<meta property=\"og:locale\" content=\"fr_FR\" \/>\n<meta property=\"og:type\" content=\"article\" \/>\n<meta property=\"og:title\" content=\"Actualit\u00e9 Ford - DriveBlue\" \/>\n<meta property=\"og:description\" content=\"La page d&#039;actualit\u00e9s de DriveBlue vous tiendra au courant des derni\u00e8res nouvelles, des conseils et des mises \u00e0 jour concernant Ford.\" \/>\n<meta property=\"og:url\" content=\"https:\/\/www.driveblue.be\/fr\/actualite\/\" \/>\n<meta property=\"og:site_name\" content=\"DriveBlue\" \/>\n<meta property=\"article:modified_time\" content=\"2025-02-20T11:20:54+00:00\" \/>\n<meta property=\"og:image\" content=\"https:\/\/www.driveblue.be\/wp-content\/uploads\/2023\/03\/2023_FORD_TheNewAll-ElectricFordExplorer_5-scaled.jpg\" \/>\n\t<meta property=\"og:image:width\" content=\"2560\" \/>\n\t<meta property=\"og:image:height\" content=\"1222\" \/>\n\t<meta property=\"og:image:type\" content=\"image\/jpeg\" \/>\n<meta name=\"twitter:card\" content=\"summary_large_image\" \/>\n<meta name=\"twitter:label1\" content=\"Dur\u00e9e de lecture est.\" \/>\n\t<meta name=\"twitter:data1\" content=\"1 minute\" \/>\n<script type=\"application\/ld+json\" class=\"yoast-schema-graph\">{\"@context\":\"https:\/\/schema.org\",\"@graph\":[{\"@type\":\"WebPage\",\"@id\":\"https:\/\/www.driveblue.be\/fr\/actualite\/\",\"url\":\"https:\/\/www.driveblue.be\/fr\/actualite\/\",\"name\":\"Actualit\u00e9 Ford - DriveBlue\",\"isPartOf\":{\"@id\":\"https:\/\/www.driveblue.be\/fr\/#website\"},\"datePublished\":\"2023-03-20T15:20:30+00:00\",\"dateModified\":\"2025-02-20T11:20:54+00:00\",\"description\":\"La page d'actualit\u00e9s de DriveBlue vous tiendra au courant des derni\u00e8res nouvelles, des conseils et des mises \u00e0 jour concernant Ford.\",\"breadcrumb\":{\"@id\":\"https:\/\/www.driveblue.be\/fr\/actualite\/#breadcrumb\"},\"inLanguage\":\"fr-BE\",\"potentialAction\":[{\"@type\":\"ReadAction\",\"target\":[\"https:\/\/www.driveblue.be\/fr\/actualite\/\"]}]},{\"@type\":\"BreadcrumbList\",\"@id\":\"https:\/\/www.driveblue.be\/fr\/actualite\/#breadcrumb\",\"itemListElement\":[{\"@type\":\"ListItem\",\"position\":1,\"name\":\"Home\",\"item\":\"https:\/\/www.driveblue.be\/fr\/\"},{\"@type\":\"ListItem\",\"position\":2,\"name\":\"Actualit\u00e9 Ford\"}]},{\"@type\":\"WebSite\",\"@id\":\"https:\/\/www.driveblue.be\/fr\/#website\",\"url\":\"https:\/\/www.driveblue.be\/fr\/\",\"name\":\"DriveBlue\",\"description\":\"\",\"potentialAction\":[{\"@type\":\"SearchAction\",\"target\":{\"@type\":\"EntryPoint\",\"urlTemplate\":\"https:\/\/www.driveblue.be\/fr\/?s={search_term_string}\"},\"query-input\":\"required name=search_term_string\"}],\"inLanguage\":\"fr-BE\"}]}<\/script>\n<!-- \/ Yoast SEO plugin. -->","yoast_head_json":{"title":"Actualit\u00e9 Ford - DriveBlue","description":"La page d'actualit\u00e9s de DriveBlue vous tiendra au courant des derni\u00e8res nouvelles, des conseils et des mises \u00e0 jour concernant Ford.","robots":{"index":"index","follow":"follow","max-snippet":"max-snippet:-1","max-image-preview":"max-image-preview:large","max-video-preview":"max-video-preview:-1"},"canonical":"https:\/\/www.driveblue.be\/fr\/actualite\/","og_locale":"fr_FR","og_type":"article","og_title":"Actualit\u00e9 Ford - DriveBlue","og_description":"La page d'actualit\u00e9s de DriveBlue vous tiendra au courant des derni\u00e8res nouvelles, des conseils et des mises \u00e0 jour concernant Ford.","og_url":"https:\/\/www.driveblue.be\/fr\/actualite\/","og_site_name":"DriveBlue","article_modified_time":"2025-02-20T11:20:54+00:00","og_image":[{"width":2560,"height":1222,"url":"https:\/\/www.driveblue.be\/wp-content\/uploads\/2023\/03\/2023_FORD_TheNewAll-ElectricFordExplorer_5-scaled.jpg","type":"image\/jpeg"}],"twitter_card":"summary_large_image","twitter_misc":{"Dur\u00e9e de lecture est.":"1 minute"},"schema":{"@context":"https:\/\/schema.org","@graph":[{"@type":"WebPage","@id":"https:\/\/www.driveblue.be\/fr\/actualite\/","url":"https:\/\/www.driveblue.be\/fr\/actualite\/","name":"Actualit\u00e9 Ford - DriveBlue","isPartOf":{"@id":"https:\/\/www.driveblue.be\/fr\/#website"},"datePublished":"2023-03-20T15:20:30+00:00","dateModified":"2025-02-20T11:20:54+00:00","description":"La page d'actualit\u00e9s de DriveBlue vous tiendra au courant des derni\u00e8res nouvelles, des conseils et des mises \u00e0 jour concernant Ford.","breadcrumb":{"@id":"https:\/\/www.driveblue.be\/fr\/actualite\/#breadcrumb"},"inLanguage":"fr-BE","potentialAction":[{"@type":"ReadAction","target":["https:\/\/www.driveblue.be\/fr\/actualite\/"]}]},{"@type":"BreadcrumbList","@id":"https:\/\/www.driveblue.be\/fr\/actualite\/#breadcrumb","itemListElement":[{"@type":"ListItem","position":1,"name":"Home","item":"https:\/\/www.driveblue.be\/fr\/"},{"@type":"ListItem","position":2,"name":"Actualit\u00e9 Ford"}]},{"@type":"WebSite","@id":"https:\/\/www.driveblue.be\/fr\/#website","url":"https:\/\/www.driveblue.be\/fr\/","name":"DriveBlue","description":"","potentialAction":[{"@type":"SearchAction","target":{"@type":"EntryPoint","urlTemplate":"https:\/\/www.driveblue.be\/fr\/?s={search_term_string}"},"query-input":"required name=search_term_string"}],"inLanguage":"fr-BE"}]}},"_links":{"self":[{"href":"https:\/\/www.driveblue.be\/fr\/wp-json\/wp\/v2\/pages\/8103","targetHints":{"allow":["GET"]}}],"collection":[{"href":"https:\/\/www.driveblue.be\/fr\/wp-json\/wp\/v2\/pages"}],"about":[{"href":"https:\/\/www.driveblue.be\/fr\/wp-json\/wp\/v2\/types\/page"}],"author":[{"embeddable":true,"href":"https:\/\/www.driveblue.be\/fr\/wp-json\/wp\/v2\/users\/18"}],"replies":[{"embeddable":true,"href":"https:\/\/www.driveblue.be\/fr\/wp-json\/wp\/v2\/comments?post=8103"}],"version-history":[{"count":40,"href":"https:\/\/www.driveblue.be\/fr\/wp-json\/wp\/v2\/pages\/8103\/revisions"}],"predecessor-version":[{"id":8859,"href":"https:\/\/www.driveblue.be\/fr\/wp-json\/wp\/v2\/pages\/8103\/revisions\/8859"}],"wp:featuredmedia":[{"embeddable":true,"href":"https:\/\/www.driveblue.be\/fr\/wp-json\/wp\/v2\/media\/8218"}],"wp:attachment":[{"href":"https:\/\/www.driveblue.be\/fr\/wp-json\/wp\/v2\/media?parent=8103"}],"curies":[{"name":"wp","href":"https:\/\/api.w.org\/{rel}","templated":true}]}}